{"id":37,"date":"2019-12-30T13:22:40","date_gmt":"2019-12-30T12:22:40","guid":{"rendered":"http:\/\/www.portopino.org\/?page_id=37"},"modified":"2020-02-10T10:24:56","modified_gmt":"2020-02-10T09:24:56","slug":"informativa-privacy","status":"publish","type":"page","link":"https:\/\/www.portopino.org\/en\/informativa-privacy\/","title":{"rendered":"Informativa privacy"},"content":{"rendered":"<div data-elementor-type=\"wp-page\" data-elementor-id=\"37\" class=\"elementor elementor-37\">\n\t\t\t\t\t\t<section class=\"elementor-section elementor-top-section elementor-element elementor-element-1a297ec elementor-section-height-min-height elementor-section-items-top elementor-section-boxed elementor-section-height-default\" data-id=\"1a297ec\" data-element_type=\"section\" data-e-type=\"section\" data-settings=\"{&quot;background_background&quot;:&quot;classic&quot;}\">\n\t\t\t\t\t\t\t<div class=\"elementor-background-overlay\"><\/div>\n\t\t\t\t\t\t\t<div class=\"elementor-container elementor-column-gap-default\">\n\t\t\t\t\t<div class=\"elementor-column elementor-col-100 elementor-top-column elementor-element elementor-element-ed3214b\" data-id=\"ed3214b\" data-element_type=\"column\" data-e-type=\"column\">\n\t\t\t<div class=\"elementor-widget-wrap elementor-element-populated\">\n\t\t\t\t\t\t<div class=\"elementor-element elementor-element-3b50759 elementor-widget elementor-widget-heading\" data-id=\"3b50759\" data-element_type=\"widget\" data-e-type=\"widget\" data-widget_type=\"heading.default\">\n\t\t\t\t<div class=\"elementor-widget-container\">\n\t\t\t\t\t<h1 class=\"elementor-heading-title elementor-size-default\">Informativa privacy<\/h1>\t\t\t\t<\/div>\n\t\t\t\t<\/div>\n\t\t\t\t\t<\/div>\n\t\t<\/div>\n\t\t\t\t\t<\/div>\n\t\t<\/section>\n\t\t\t\t<section class=\"elementor-section elementor-top-section elementor-element elementor-element-d7fef40 elementor-section-boxed elementor-section-height-default elementor-section-height-default\" data-id=\"d7fef40\" data-element_type=\"section\" data-e-type=\"section\">\n\t\t\t\t\t\t<div class=\"elementor-container elementor-column-gap-default\">\n\t\t\t\t\t<div class=\"elementor-column elementor-col-100 elementor-top-column elementor-element elementor-element-e892547\" data-id=\"e892547\" data-element_type=\"column\" data-e-type=\"column\">\n\t\t\t<div class=\"elementor-widget-wrap elementor-element-populated\">\n\t\t\t\t\t\t<div class=\"elementor-element elementor-element-a374533 elementor-widget elementor-widget-text-editor\" data-id=\"a374533\" data-element_type=\"widget\" data-e-type=\"widget\" data-widget_type=\"text-editor.default\">\n\t\t\t\t<div class=\"elementor-widget-container\">\n\t\t\t\t\t\t\t\t\t<p>Informativa privacy<\/p><p>INFORMATIVA RESA AI SENSI DEGLI ART. 13-14 DEL GDPR 2016\/679<\/p><p>Paolo Magnani residente in Via Sa Salina snc &#8211; Localit\u00e0 Porto Pino &#8211; 09010 &#8211; Sant\u2019Anna Arresi (SU) &#8211; Cod. fisc: MGNPLA57T22A191J , \u00a0in qualit\u00e0 di titolare del trattamento (di seguito denominato \u201ctitolare\u201d) , secondo la normativa indicata, la informa che il trattamento sar\u00e0 improntato ai principi di correttezza, liceit\u00e0, trasparenza e di tutela della Sua riservatezza e dei Suoi diritti.<\/p><p>Le fornisco quindi, ai sensi del Regolamento UE n. 2016\/679 (in seguito, \u201cGDPR\u201d) , le seguenti informazioni.<\/p><ol><li>Oggetto del trattamento<\/li><\/ol><p>Il Titolare tratta i dati personali, identificativi e non sensibili quali:<\/p><ul><li>nome<\/li><li>cognome<\/li><li>nominativo aziendale<\/li><li>Indirizzo<\/li><li>codice fiscale<\/li><li>iva<\/li><li>email<\/li><li>numero telefonico<\/li><li>sito web<\/li><li>indirizzo ip<\/li><\/ul><p>(in seguito, \u201cdati personali\u201d o anche \u201cdati\u201d) da Lei comunicati in fase di registrazione e\/o all\u2019atto di invio messaggio o richiesta di assistenza attraverso il sito web del Titolare<\/p><ol start=\"2\"><li>Finalit\u00e0 del trattamento<\/li><\/ol><p>I dati sensibili da Lei forniti verranno trattati ,a titolo esemplificativo ma non esaustivo,\u00a0 per le seguenti finalit\u00e0:<\/p><ul><li>permetterLe di registrarsi e commentare sul sito web;<\/li><li>gestire e mantenere il sito web;<\/li><li>permetterLe l\u2019iscrizione al sito web per commentare i contenuto forniti dal Titolare e degli ulteriori Servizi eventualmente da Lei richiesti;<\/li><li>adempiere agli obblighi previsti dalla legge, da un regolamento, dalla normativa comunitaria o da un ordine dell\u2019Autorit\u00e0;<\/li><li>prevenire o scoprire attivit\u00e0 fraudolente o abusi dannosi per il sito web;<\/li><li>esercitare i diritti del Titolare, ad esempio il diritto di difesa in giudizio.<\/li><\/ul><p>Le segnaliamo che se Lei si \u00e8 registrato, potremo inviarLe comunicazioni relative a servizi, alert di sicurezza e (sperando di non portarLe disturbo) gli auguri di Natale e Pasqua salvo suo dissenso (art. 130 c. 4 Codice Privacy). NON invio proposte commerciali.<\/p><p>Altre finalit\u00e0 sono:<\/p><p>Commento dei contenuti. I servizi di commento consentono agli Utenti di formulare e rendere pubblici propri commenti riguardanti il contenuto di questo Sito web.\u00a0 Gli Utenti, a seconda delle impostazioni decise dal Titolare, possono lasciare il commento anche in forma anonima.\u00a0 Nel caso tra i Dati Personali rilasciati dall\u2019Utente ci sia l\u2019email, questa potrebbe essere utilizzata per inviare notifiche di commenti riguardanti lo stesso contenuto.\u00a0\u00a0\u00a0 Gli Utenti sono responsabili del contenuto dei propri commenti.\u00a0\u00a0 Nel caso in cui sia installato un servizio di commenti fornito da soggetti terzi, \u00e8 possibile che, anche nel caso in cui gli Utenti non utilizzino il servizio di commento, lo stesso raccolga dati di traffico relativi alle pagine in cui il servizio di commento \u00e8 installato. Sistema di commento gestito in modo diretto (questo Sito web).\u00a0 Questo Sito web dispone di un proprio sistema di commento dei contenuti.<\/p><p>Dati Personali raccolti: email, nome e sito web.<\/p><p>Modulo di contatto (questo Sito web).\u00a0 L\u2019Utente, compilando con i propri Dati il modulo di contatto, acconsente al loro utilizzo per rispondere alle richieste di informazioni, di preventivo, o di qualunque altra natura indicata nel modulo stesso.<\/p><p>Statistiche \u2013 Google Analytics<\/p><p>I servizi contenuti nella presente sezione permettono al Titolare del Trattamento di monitorare e analizzare i dati di traffico e servono a tener traccia del comportamento dell\u2019Utente.\u00a0 Google Analytics con IP anonimizzato (Google Inc.).\u00a0 Google Analytics \u00e8 un servizio di analisi web fornito da Google Inc. (\u201cGoogle\u201d). Google utilizza i Dati Personali raccolti allo scopo di tracciare ed esaminare l\u2019utilizzo di questo Sito web, compilare report e condividerli con gli altri servizi sviluppati da Google.\u00a0 Google potrebbe utilizzare i Dati Personali per contestualizzare e personalizzare gli annunci del proprio network pubblicitario.\u00a0 Questa integrazione di Google Analytics rende anonimo il tuo indirizzo IP. L\u2019anonimizzazione funziona abbreviando entro i confini degli stati membri dell\u2019Unione Europea o in altri Paesi aderenti all\u2019accordo sullo Spazio Economico Europeo l\u2019indirizzo IP degli Utenti. Solo in casi eccezionali, l\u2019indirizzo IP sar\u00e0 inviato ai server di Google ed abbreviato all\u2019interno degli Stati Uniti.\u00a0 Luogo del trattamento:\u00a0 Stati Uniti\u00a0 \u2013 Privacy Policy<\/p><p>Hosting ed infrastruttura backend<\/p><p>Questo tipo di servizi ha la funzione di ospitare Dati e file che permettono a questa Applicazione di funzionare, ne consentono la distribuzione e mettono a disposizione un\u2019infrastruttura pronta all\u2019uso per erogare specifiche funzionalit\u00e0 di questa Applicazione.\u00a0 Alcuni servizi tra quelli elencati di seguito, se presenti, possono funzionare su server geograficamente distribuiti, rendendo difficile determinare l\u2019effettiva ubicazione in cui sono conservati i Dati Personali.<\/p><p>Server e Hosting di Mkt360 S.a.s. di Davide Becchio &amp; C.<\/p><p>Server e Hosting di Mkt360 S.a.s. di Davide Becchio &amp; C. \u00e8 un servizio di hosting fornito sui Datacenter OVH. Dati Personali raccolti:\u00a0 Dati di utilizzo; varie tipologie di Dati secondo quanto specificato dalla privacy policy del servizio. Luogo del trattamento: Francia e Italia \u2013 Privacy Policy.<\/p><p>Protezione dallo SPAM<\/p><p>Questo tipo di servizi analizza il traffico di questa Applicazione, potenzialmente contenente Dati Personali degli Utenti, al fine di filtrarlo da parti di traffico, messaggi e contenuti riconosciuti come SPAM.\u00a0 Antispam Bee.\u00a0 Antispam Bee \u00e8 un servizio di protezione dallo SPAM fornito da pluginkollektiv.\u00a0\u00a0 Dati Personali raccolti:\u00a0 varie tipologie di Dati secondo quanto specificato dalla privacy policy del servizio. Luogo del trattamento: Germania \u2013 Privacy Policy<\/p><ol start=\"3\"><li>Modalit\u00e0 trattamento<\/li><\/ol><p>Il trattamento dei Suoi dati personali \u00e8 realizzato per mezzo delle operazioni indicate all\u2019art. 4 Codice Privacy e all\u2019art. 4 n. 2) GDPR e precisamente: raccolta, registrazione, organizzazione, conservazione, consultazione, elaborazione, modificazione, selezione, estrazione, raffronto, utilizzo, interconnessione, blocco, comunicazione, cancellazione e distruzione dei dati. I Suoi dati personali sono sottoposti a trattamento sia cartaceo che elettronico.<\/p><ol start=\"4\"><li>Durata trattamento<\/li><\/ol><p>Con riferimento ai dati personali oggetto di Trattamento gli stessi saranno conservati nel rispetto del principio di proporzionalit\u00e0 e comunque fino a che non siano state perseguite le finalit\u00e0 del trattamento o fino a che \u2013 se precedentemente \u2013 non intervenga la revoca del consenso specifico da parte dell\u2019interessato applicabile in ogni momento. Il Titolare tratter\u00e0 i dati personali per il tempo necessario per adempiere alle finalit\u00e0 di cui sopra e comunque per non oltre 10 anni dalla cessazione del rapporto per le Finalit\u00e0 di Servizio.\u00a0 Qualora l\u2019utente decidesse di registrarsi al sito la scadenza del trattamento si intender\u00e0 automaticamente rinnovata sino alla richiesta di cancellazione da parte del medesimo.<\/p><ol start=\"5\"><li>Obbligatoriet\u00e0 o facoltativit\u00e0 del consenso<\/li><\/ol><p>L\u2019accesso e la navigazione del Sito sono liberi ma la possibilit\u00e0 di ricevere assistenza ed inviarmi comunicazioni consentita solo previa autorizzazione e consenso dell\u2019interessato.\u00a0 Qualora il visitatore intenda registrarsi dovr\u00e0 compilare un modulo on line nel quale \u00e8 richiesto di indicare alcuni dati personali necessari per l\u2019attivazione di credenziali di autenticazione (login + password) con le quali l\u2019interessato acceder\u00e0 a tutte le funzionalit\u00e0 riservate agli utenti registrati. Quindi Ulteriori finalit\u00e0 primarie del trattamento sono rappresentate dalla necessit\u00e0 di consentire l\u2019espletamento delle Sue richieste e di consentimi l\u2019eventuale gestione tecnica e amministrativa (ivi incluse le finalit\u00e0 di fornire supporto e assistenza tecnica su richiesta). L\u2019\u2019eventuale rifiuto a fornire tali dati porterebbe\u00a0 alla mancata\u00a0 esecuzione del contratto e\/o\u00a0 la mancata prosecuzione del rapporto.<\/p><ol start=\"6\"><li>Comunicazione dei dati<\/li><\/ol><p>Senza la necessit\u00e0 di un espresso consenso (ex art. 24 lett. a), b), d) Codice Privacy e art. 6 lett. b) e c) GDPR), il Titolare potr\u00e0 comunicare i Suoi dati per le finalit\u00e0 di cui all\u2019art. 2) ad Autorit\u00e0 giudiziarie nonch\u00e9 a quei soggetti ai quali la comunicazione sia obbligatoria per legge per l\u2019espletamento delle finalit\u00e0 dette. Detti soggetti tratteranno i dati nella loro qualit\u00e0 di autonomi titolari del trattamento. I Suoi dati non saranno diffusi.<\/p><ol start=\"7\"><li>Trasferimento dati<\/li><\/ol><p>I dati personali sono conservati su server ubicati OVH ubicati in Francia, all\u2019interno dell\u2019Unione Europea. Resta in ogni caso inteso che il Titolare, ove si rendesse necessario, avr\u00e0 facolt\u00e0 di spostare i server anche extra-UE. In tal caso, il Titolare assicura sin d\u2019ora che il trasferimento dei dati extra-UE avverr\u00e0 in conformit\u00e0 alle disposizioni di legge applicabili, previa stipula delle clausole contrattuali standard previste dalla Commissione Europea.<\/p><ol start=\"8\"><li>Diritti dell\u2019interessato<\/li><\/ol><p>Nella Sua qualit\u00e0 di interessato, ha i diritti di cui all\u2019art. 7 Codice Privacy e art. 15 GDPR e precisamente i diritti di:\u00a0 ottenere la conferma dell\u2019esistenza o meno di dati personali che La riguardano, anche se non ancora registrati, e la loro comunicazione in forma intelligibile;\u00a0 ottenere l\u2019indicazione: a) dell\u2019origine dei dati personali; b) delle finalit\u00e0 e modalit\u00e0 del trattamento; c) della logica applicata in caso di trattamento effettuato con l\u2019ausilio di strumenti elettronici; d) degli estremi identificativi del titolare, dei responsabili e del rappresentante designato ai sensi dell\u2019art. 5, comma 2 Codice Privacy e art. 3, comma 1, GDPR; e) dei soggetti o delle categorie di soggetti ai quali i dati personali possono essere comunicati o che possono venirne a conoscenza in qualit\u00e0 di rappresentante designato nel territorio dello Stato, di responsabili o incaricati;\u00a0 ottenere: a) l\u2019aggiornamento, la rettificazione ovvero, quando vi ha interesse, l\u2019integrazione dei dati; b) la cancellazione, la trasformazione in forma anonima o il blocco dei dati trattati in violazione di legge, compresi quelli di cui non \u00e8 necessaria la conservazione in relazione agli scopi per i quali i dati sono stati raccolti o successivamente trattati; c) l\u2019attestazione che le operazioni di cui alle lettere a) e b) sono state portate a conoscenza, anche per quanto riguarda il loro contenuto, di coloro ai quali i dati sono stati comunicati o diffusi, eccettuato il caso in cui tale adempimento si rivela impossibile o comporta un impiego di mezzi manifestamente sproporzionato rispetto al diritto tutelato;\u00a0 opporsi, in tutto o in parte: a) per motivi legittimi al trattamento dei dati personali che La riguardano, ancorch\u00e9 pertinenti allo scopo della raccolta; b) al trattamento di dati personali che La riguardano a fini di invio di materiale pubblicitario o di vendita diretta o per il compimento di ricerche di mercato o di comunicazione commerciale, mediante l\u2019uso di sistemi automatizzati di chiamata senza l\u2019intervento di un operatore mediante e-mail e\/o mediante modalit\u00e0 di marketing tradizionali mediante telefono e\/o posta cartacea.\u00a0 Ove applicabili, ha altres\u00ec i diritti di cui agli artt. 16-21 GDPR (Diritto di rettifica, diritto all\u2019oblio, diritto di limitazione di trattamento, diritto alla portabilit\u00e0 dei dati, diritto di opposizione), nonch\u00e9 il diritto di reclamo all\u2019Autorit\u00e0 Garante.<\/p><ol start=\"9\"><li>Modalit\u00e0 di esercizio dei diritti<\/li><\/ol><p>Potr\u00e0 in qualsiasi momento esercitare i diritti inviando una raccomandata a.r. a Paolo Magnani residente in Via Sa Salina snc &#8211; Localit\u00e0 Porto Pino &#8211; 09010 &#8211; Sant\u2019Anna Arresi (SU); una e-mail all\u2019indirizzo info@portopino.org<\/p><p>In alternativa si possono utilizzare gli appositi form presenti nella pagina a fine informativa<\/p><ol start=\"10\"><li>Titolare e responsabile trattamento dati:<\/li><\/ol><p>Paolo Magnani residente in Via Sa Salina snc &#8211; Localit\u00e0 Porto Pino &#8211; 09010 &#8211; Sant\u2019Anna Arresi (SU)<\/p>\t\t\t\t\t\t\t\t<\/div>\n\t\t\t\t<\/div>\n\t\t\t\t\t<\/div>\n\t\t<\/div>\n\t\t\t\t\t<\/div>\n\t\t<\/section>\n\t\t\t\t<\/div>","protected":false},"excerpt":{"rendered":"<p>Informativa privacy Informativa privacy INFORMATIVA RESA AI SENSI DEGLI ART. 13-14 DEL GDPR 2016\/679 Paolo Magnani residente in Via Sa Salina snc &#8211; Localit\u00e0 Porto Pino &#8211; 09010 &#8211; Sant\u2019Anna Arresi (SU) &#8211; Cod. fisc: MGNPLA57T22A191J , \u00a0in qualit\u00e0 di titolare del trattamento (di seguito denominato \u201ctitolare\u201d) , secondo la normativa indicata, la informa che&hellip;<\/p>","protected":false},"author":1,"featured_media":0,"parent":0,"menu_order":0,"comment_status":"closed","ping_status":"closed","template":"","meta":{"footnotes":""},"class_list":["post-37","page","type-page","status-publish","hentry"],"aioseo_notices":[],"_links":{"self":[{"href":"https:\/\/www.portopino.org\/en\/wp-json\/wp\/v2\/pages\/37","targetHints":{"allow":["GET"]}}],"collection":[{"href":"https:\/\/www.portopino.org\/en\/wp-json\/wp\/v2\/pages"}],"about":[{"href":"https:\/\/www.portopino.org\/en\/wp-json\/wp\/v2\/types\/page"}],"author":[{"embeddable":true,"href":"https:\/\/www.portopino.org\/en\/wp-json\/wp\/v2\/users\/1"}],"replies":[{"embeddable":true,"href":"https:\/\/www.portopino.org\/en\/wp-json\/wp\/v2\/comments?post=37"}],"version-history":[{"count":0,"href":"https:\/\/www.portopino.org\/en\/wp-json\/wp\/v2\/pages\/37\/revisions"}],"wp:attachment":[{"href":"https:\/\/www.portopino.org\/en\/wp-json\/wp\/v2\/media?parent=37"}],"curies":[{"name":"wp","href":"https:\/\/api.w.org\/{rel}","templated":true}]}}